{"id":9327,"date":"2022-01-08T17:15:17","date_gmt":"2021-08-10T04:49:20","guid":{"rendered":"https:\/\/amc.gov.co\/amc\/?page_id=806"},"modified":"2026-09-04T12:53:02","modified_gmt":"2026-09-04T17:53:02","slug":"noticias","status":"publish","type":"page","link":"https:\/\/amc.gov.co\/amc\/noticias\/","title":{"rendered":"Noticias"},"content":{"rendered":"<div class=\"vce-row-container\"><div class=\"vce-row vce-row--col-gap-30 vce-row-equal-height vce-row-content--top\" data-vce-full-width=\"true\" data-vce-stretch-content=\"true\" id=\"el-c1028c14\" data-vce-do-apply=\"all el-c1028c14\"><div class=\"vce-row-content\" data-vce-element-content=\"true\"><div class=\"vce-col vce-col--md-8p vce-col--xs-1 vce-col--xs-last vce-col--xs-first vce-col--sm-last vce-col--sm-first vce-col--md-first vce-col--lg-first vce-col--xl-first\" id=\"el-87db75df\"><div class=\"vce-col-inner\" data-vce-do-apply=\"border margin background  el-87db75df\"><div class=\"vce-col-content\" data-vce-element-content=\"true\" data-vce-do-apply=\"padding el-87db75df\"><div class=\"vcv-row-control-wrapper\"><\/div><\/div><\/div><\/div><div class=\"vce-col vce-col--md-84p vce-col--xs-1 vce-col--xs-last vce-col--xs-first vce-col--sm-last vce-col--sm-first\" id=\"el-6f2c8e1f\"><div class=\"vce-col-inner\" data-vce-do-apply=\"border margin background  el-6f2c8e1f\"><div class=\"vce-col-content\" data-vce-element-content=\"true\" data-vce-do-apply=\"padding el-6f2c8e1f\"><div class=\"vce-text-block\"><div class=\"vce-text-block-wrapper vce\" id=\"el-ea0c0d45\" data-vce-do-apply=\"all el-ea0c0d45\"><nav aria-label=\"breadcrumb\"><br><ol class=\"breadcrumb gov-co-breadcrumb\"><br><li class=\"breadcrumb-item\"><a href=\"https:\/\/amc.gov.co\/amc\/\"><i class=\"fas fa-home\"><\/i> Inicio <\/a><\/li><br><li class=\"breadcrumb-item active\" aria-current=\"page\"><a href=\"https:\/\/amc.gov.co\/amc\/?page_id=9241\/\"> Prensa <\/a><\/li><br><li class=\"breadcrumb-item active\" aria-current=\"page\"><a href=\"https:\/\/amc.gov.co\/amc\/?page_id=9327\">Noticias<\/a><\/li><br><\/ol><br><\/nav><\/div><\/div><\/div><\/div><\/div><div class=\"vce-col vce-col--md-8p vce-col--xs-1 vce-col--xs-last vce-col--xs-first vce-col--sm-last vce-col--sm-first vce-col--md-last vce-col--lg-last vce-col--xl-last\" id=\"el-783a556f\"><div class=\"vce-col-inner\" data-vce-do-apply=\"border margin background  el-783a556f\"><div class=\"vce-col-content\" data-vce-element-content=\"true\" data-vce-do-apply=\"padding el-783a556f\"><div class=\"vcv-row-control-wrapper\"><\/div><\/div><\/div><\/div><\/div><\/div><\/div><div class=\"vce-row-container\"><div class=\"vce-row vce-row--col-gap-30 vce-row-equal-height vce-row-content--top\" data-vce-full-width=\"true\" data-vce-stretch-content=\"true\" id=\"el-72b55e8c\" data-vce-do-apply=\"all el-72b55e8c\"><div class=\"vce-row-content\" data-vce-element-content=\"true\"><div class=\"vce-col vce-col--md-8p vce-col--xs-1 vce-col--xs-last vce-col--xs-first vce-col--sm-last vce-col--sm-first vce-col--md-first vce-col--lg-first vce-col--xl-first\" id=\"el-527b27ff\"><div class=\"vce-col-inner\" data-vce-do-apply=\"border margin background  el-527b27ff\"><div class=\"vce-col-content\" data-vce-element-content=\"true\" data-vce-do-apply=\"padding el-527b27ff\"><div class=\"vcv-row-control-wrapper\"><\/div><\/div><\/div><\/div><div class=\"vce-col vce-col--md-84p vce-col--xs-1 vce-col--xs-last vce-col--xs-first vce-col--sm-last vce-col--sm-first\" id=\"el-7ea0e324\"><div class=\"vce-col-inner\" data-vce-do-apply=\"border margin background  el-7ea0e324\"><div class=\"vce-col-content\" data-vce-element-content=\"true\" data-vce-do-apply=\"padding el-7ea0e324\"><div class=\"vce-text-block\"><div class=\"vce-text-block-wrapper vce\" id=\"el-84594527\" data-vce-do-apply=\"all el-84594527\"><h1 style=\"text-align: center;\"><span style=\"font-size: 24pt; font-family: Montserrat;\">NOTICIAS<\/span><\/h1><\/div><\/div><div class=\"vce-shortcode\"><div class=\"vce-shortcode-wrapper vce\" id=\"el-4c9b32a4\" data-vce-do-apply=\"all el-4c9b32a4\"><\/div><\/div><div class=\"vce-shortcode\"><div class=\"vce-shortcode-wrapper vce\" id=\"el-8fd1f631\" data-vce-do-apply=\"all el-8fd1f631\">\n<div id=\"pcp_wrapper-12420\" class=\"sp-pcp-section sp-pcp-container pcp-wrapper-12420\">\n\t<div class=\"sp-pcp-row\">\n\t\t\t\t<div class=\" sp-pcp-col-xs-1 sp-pcp-col-sm-2 sp-pcp-col-md-3 sp-pcp-col-lg-4 sp-pcp-col-xl-4\">\n\t\t\t<div class=\"sp-pcp-post pcp-item-18137\" data-id=\"18137\">\n\t\t\t\t\t\t\t\t<div class=\"pcp-post-thumb-wrapper\">\n\t\t\t\t\t<div class=\"sp-pcp-post-thumb-area\">\n\t\t\t\t\t\t\t\t\t\t\t\t<a class=\"sp-pcp-thumb\" href=\"https:\/\/amc.gov.co\/amc\/area-metropolitana-de-cucuta-fortalece-acciones-con-la-agencia-nacional-de-seguridad-vial\/\" target=\"_self\" >\n\t\t\t\t\t\t\t\t\t\t\t\t\t<img src=\"https:\/\/amc.gov.co\/amc\/wp-content\/uploads\/2026\/09\/Jornada-de-trabajo-entre-el-Area-Metropolitana-de-Cucuta-y-la-ANSV.png\" width=\"1254\" height=\"1254\" alt=\"Director y equipo del \u00c1rea Metropolitana de C\u00facuta durante jornada de trabajo con delegado de la Agencia Nacional de Seguridad Vial para la socializaci\u00f3n de avances del Plan de Mejoramiento.\">\n\t\t\t\t\t\t<\/a>\n\t\t\t\t\t<\/div>\n\t\t\t\t<\/div>\n\t\t\t\t\t\t\t<h2 class=\"sp-pcp-title\">\n\t\t\t\t\t\t\t\t\t<a href=\"https:\/\/amc.gov.co\/amc\/area-metropolitana-de-cucuta-fortalece-acciones-con-la-agencia-nacional-de-seguridad-vial\/\"  target=\"_self\">\u00c1rea Metropolitana de C\u00facuta fortalece acciones con la Agencia Nacional de Seguridad Vial<\/a>\t\t\t\t\t\t\t<\/h2>\n\t\t\t\t\t\t<div class=\"sp-pcp-post-meta\">\n\t\t\t<ul><li>\t\t\t\t\t<i class=\"fa fa-calendar\"><\/i>\n\n<time class=\"entry-date published updated\">13 agosto, 2026<\/time>\n\t\t\t\t\t<\/li><\/ul>\t\t<\/div>\n\t\t\t\t\t<div class=\"sp-pcp-post-content\">\n\t\t\t\t\t<div class=\"sp-pcp-readmore\">\n\t\t\t\t\t\t\t<a class=\"pcp-readmore-link\" target=\"_self\" href=\"https:\/\/amc.gov.co\/amc\/area-metropolitana-de-cucuta-fortalece-acciones-con-la-agencia-nacional-de-seguridad-vial\/\" >\n\t\t\t\t\t\tLEER M\u00c1S <\/a>\n\t\t<\/div>\n\t\t\t\t\t<\/div>\n\t\t\t\t\t\t<\/div>\n\t\t<\/div>\n\t\t\t\t<div class=\" sp-pcp-col-xs-1 sp-pcp-col-sm-2 sp-pcp-col-md-3 sp-pcp-col-lg-4 sp-pcp-col-xl-4\">\n\t\t\t<div class=\"sp-pcp-post pcp-item-18117\" data-id=\"18117\">\n\t\t\t\t\t\t\t\t<div class=\"pcp-post-thumb-wrapper\">\n\t\t\t\t\t<div class=\"sp-pcp-post-thumb-area\">\n\t\t\t\t\t\t\t\t\t\t\t\t<a class=\"sp-pcp-thumb\" href=\"https:\/\/amc.gov.co\/amc\/area-metropolitana-de-cucuta-fortalece-acciones-pedagogicas-para-una-movilidad-mas-segura\/\" target=\"_self\" >\n\t\t\t\t\t\t\t\t\t\t\t\t\t<img src=\"https:\/\/amc.gov.co\/amc\/wp-content\/uploads\/2026\/09\/Acciones-por-una-movilidad-mas-segura.png\" width=\"1254\" height=\"1254\" alt=\"Funcionarios del \u00c1rea Metropolitana de C\u00facuta participan en una jornada pedag\u00f3gica con conductores, promoviendo la seguridad vial, el cumplimiento de la normatividad y la documentaci\u00f3n en regla.\">\n\t\t\t\t\t\t<\/a>\n\t\t\t\t\t<\/div>\n\t\t\t\t<\/div>\n\t\t\t\t\t\t\t<h2 class=\"sp-pcp-title\">\n\t\t\t\t\t\t\t\t\t<a href=\"https:\/\/amc.gov.co\/amc\/area-metropolitana-de-cucuta-fortalece-acciones-pedagogicas-para-una-movilidad-mas-segura\/\"  target=\"_self\">\u00c1rea Metropolitana de C\u00facuta fortalece acciones pedag\u00f3gicas para una movilidad m\u00e1s segura<\/a>\t\t\t\t\t\t\t<\/h2>\n\t\t\t\t\t\t<div class=\"sp-pcp-post-meta\">\n\t\t\t<ul><li>\t\t\t\t\t<i class=\"fa fa-calendar\"><\/i>\n\n<time class=\"entry-date published updated\">11 agosto, 2026<\/time>\n\t\t\t\t\t<\/li><\/ul>\t\t<\/div>\n\t\t\t\t\t<div class=\"sp-pcp-post-content\">\n\t\t\t\t\t<div class=\"sp-pcp-readmore\">\n\t\t\t\t\t\t\t<a class=\"pcp-readmore-link\" target=\"_self\" href=\"https:\/\/amc.gov.co\/amc\/area-metropolitana-de-cucuta-fortalece-acciones-pedagogicas-para-una-movilidad-mas-segura\/\" >\n\t\t\t\t\t\tLEER M\u00c1S <\/a>\n\t\t<\/div>\n\t\t\t\t\t<\/div>\n\t\t\t\t\t\t<\/div>\n\t\t<\/div>\n\t\t\t\t<div class=\" sp-pcp-col-xs-1 sp-pcp-col-sm-2 sp-pcp-col-md-3 sp-pcp-col-lg-4 sp-pcp-col-xl-4\">\n\t\t\t<div class=\"sp-pcp-post pcp-item-18009\" data-id=\"18009\">\n\t\t\t\t\t\t\t\t<div class=\"pcp-post-thumb-wrapper\">\n\t\t\t\t\t<div class=\"sp-pcp-post-thumb-area\">\n\t\t\t\t\t\t\t\t\t\t\t\t<a class=\"sp-pcp-thumb\" href=\"https:\/\/amc.gov.co\/amc\/amc-fortalece-acciones-para-una-movilidad-escolar-mas-segura-en-norte-de-santander\/\" target=\"_self\" >\n\t\t\t\t\t\t\t\t\t\t\t\t\t<img src=\"https:\/\/amc.gov.co\/amc\/wp-content\/uploads\/2026\/08\/Area-Metropolitana-de-Cucuta-fortalece-acciones-para-una-movilidad-escolar-mas-segura-en-Norte-de-Santander.png\" width=\"1536\" height=\"1024\" alt=\"\u00c1rea Metropolitana de C\u00facuta fortalece acciones para una movilidad escolar m\u00e1s segura en Norte de Santander\">\n\t\t\t\t\t\t<\/a>\n\t\t\t\t\t<\/div>\n\t\t\t\t<\/div>\n\t\t\t\t\t\t\t<h2 class=\"sp-pcp-title\">\n\t\t\t\t\t\t\t\t\t<a href=\"https:\/\/amc.gov.co\/amc\/amc-fortalece-acciones-para-una-movilidad-escolar-mas-segura-en-norte-de-santander\/\"  target=\"_self\">AMC Fortalece Acciones Para Una Movilidad Escolar M\u00e1s Segura en Norte de Santander<\/a>\t\t\t\t\t\t\t<\/h2>\n\t\t\t\t\t\t<div class=\"sp-pcp-post-meta\">\n\t\t\t<ul><li>\t\t\t\t\t<i class=\"fa fa-calendar\"><\/i>\n\n<time class=\"entry-date published updated\">2 agosto, 2026<\/time>\n\t\t\t\t\t<\/li><\/ul>\t\t<\/div>\n\t\t\t\t\t<div class=\"sp-pcp-post-content\">\n\t\t\t\t\t<div class=\"sp-pcp-readmore\">\n\t\t\t\t\t\t\t<a class=\"pcp-readmore-link\" target=\"_self\" href=\"https:\/\/amc.gov.co\/amc\/amc-fortalece-acciones-para-una-movilidad-escolar-mas-segura-en-norte-de-santander\/\" >\n\t\t\t\t\t\tLEER M\u00c1S <\/a>\n\t\t<\/div>\n\t\t\t\t\t<\/div>\n\t\t\t\t\t\t<\/div>\n\t\t<\/div>\n\t\t\t\t<div class=\" sp-pcp-col-xs-1 sp-pcp-col-sm-2 sp-pcp-col-md-3 sp-pcp-col-lg-4 sp-pcp-col-xl-4\">\n\t\t\t<div class=\"sp-pcp-post pcp-item-17937\" data-id=\"17937\">\n\t\t\t\t\t\t\t\t<div class=\"pcp-post-thumb-wrapper\">\n\t\t\t\t\t<div class=\"sp-pcp-post-thumb-area\">\n\t\t\t\t\t\t\t\t\t\t\t\t<a class=\"sp-pcp-thumb\" href=\"https:\/\/amc.gov.co\/amc\/area-metropolitana-de-cucuta-fortalece-la-capacidad-de-respuesta-ante-emergencias-con-la-entrega-de-un-nuevo-vehiculo-de-ataque-rapido-al-cuerpo-de-bomberos-de-villa-del-rosario\/\" target=\"_self\" >\n\t\t\t\t\t\t\t\t\t\t\t\t\t<img src=\"https:\/\/amc.gov.co\/amc\/wp-content\/uploads\/2026\/07\/Un-paso-mas-por-la-seguridad-de-nuestra-region-1.png\" width=\"1536\" height=\"1024\" alt=\"Un paso m\u00e1s por la seguridad de nuestra regi\u00f3n\">\n\t\t\t\t\t\t<\/a>\n\t\t\t\t\t<\/div>\n\t\t\t\t<\/div>\n\t\t\t\t\t\t\t<h2 class=\"sp-pcp-title\">\n\t\t\t\t\t\t\t\t\t<a href=\"https:\/\/amc.gov.co\/amc\/area-metropolitana-de-cucuta-fortalece-la-capacidad-de-respuesta-ante-emergencias-con-la-entrega-de-un-nuevo-vehiculo-de-ataque-rapido-al-cuerpo-de-bomberos-de-villa-del-rosario\/\"  target=\"_self\">\u00c1rea Metropolitana de C\u00facuta fortalece la capacidad de respuesta ante emergencias con la entrega de un nuevo veh\u00edculo de ataque r\u00e1pido al Cuerpo de Bomberos de Villa del Rosario<\/a>\t\t\t\t\t\t\t<\/h2>\n\t\t\t\t\t\t<div class=\"sp-pcp-post-meta\">\n\t\t\t<ul><li>\t\t\t\t\t<i class=\"fa fa-calendar\"><\/i>\n\n<time class=\"entry-date published updated\">9 julio, 2026<\/time>\n\t\t\t\t\t<\/li><\/ul>\t\t<\/div>\n\t\t\t\t\t<div class=\"sp-pcp-post-content\">\n\t\t\t\t\t<div class=\"sp-pcp-readmore\">\n\t\t\t\t\t\t\t<a class=\"pcp-readmore-link\" target=\"_self\" href=\"https:\/\/amc.gov.co\/amc\/area-metropolitana-de-cucuta-fortalece-la-capacidad-de-respuesta-ante-emergencias-con-la-entrega-de-un-nuevo-vehiculo-de-ataque-rapido-al-cuerpo-de-bomberos-de-villa-del-rosario\/\" >\n\t\t\t\t\t\tLEER M\u00c1S <\/a>\n\t\t<\/div>\n\t\t\t\t\t<\/div>\n\t\t\t\t\t\t<\/div>\n\t\t<\/div>\n\t\t\t\t<div class=\" sp-pcp-col-xs-1 sp-pcp-col-sm-2 sp-pcp-col-md-3 sp-pcp-col-lg-4 sp-pcp-col-xl-4\">\n\t\t\t<div class=\"sp-pcp-post pcp-item-17914\" data-id=\"17914\">\n\t\t\t\t\t\t\t\t<div class=\"pcp-post-thumb-wrapper\">\n\t\t\t\t\t<div class=\"sp-pcp-post-thumb-area\">\n\t\t\t\t\t\t\t\t\t\t\t\t<a class=\"sp-pcp-thumb\" href=\"https:\/\/amc.gov.co\/amc\/area-metropolitana-de-cucuta-fortalece-la-cultura-vial-con-jornadas-de-sensibilizacion-a-conductores-del-transporte-publico-colectivo\/\" target=\"_self\" >\n\t\t\t\t\t\t\t\t\t\t\t\t\t<img src=\"https:\/\/amc.gov.co\/amc\/wp-content\/uploads\/2026\/07\/Mas-conciencia-mas-seguridad-mas-compromiso.png\" width=\"1536\" height=\"1024\" alt=\"M\u00e1s conciencia, m\u00e1s seguridad, m\u00e1s compromiso\">\n\t\t\t\t\t\t<\/a>\n\t\t\t\t\t<\/div>\n\t\t\t\t<\/div>\n\t\t\t\t\t\t\t<h2 class=\"sp-pcp-title\">\n\t\t\t\t\t\t\t\t\t<a href=\"https:\/\/amc.gov.co\/amc\/area-metropolitana-de-cucuta-fortalece-la-cultura-vial-con-jornadas-de-sensibilizacion-a-conductores-del-transporte-publico-colectivo\/\"  target=\"_self\">\u00c1rea Metropolitana de C\u00facuta fortalece la cultura vial con jornadas de sensibilizaci\u00f3n a conductores del transporte p\u00fablico colectivo<\/a>\t\t\t\t\t\t\t<\/h2>\n\t\t\t\t\t\t<div class=\"sp-pcp-post-meta\">\n\t\t\t<ul><li>\t\t\t\t\t<i class=\"fa fa-calendar\"><\/i>\n\n<time class=\"entry-date published updated\">8 julio, 2026<\/time>\n\t\t\t\t\t<\/li><\/ul>\t\t<\/div>\n\t\t\t\t\t<div class=\"sp-pcp-post-content\">\n\t\t\t\t\t<div class=\"sp-pcp-readmore\">\n\t\t\t\t\t\t\t<a class=\"pcp-readmore-link\" target=\"_self\" href=\"https:\/\/amc.gov.co\/amc\/area-metropolitana-de-cucuta-fortalece-la-cultura-vial-con-jornadas-de-sensibilizacion-a-conductores-del-transporte-publico-colectivo\/\" >\n\t\t\t\t\t\tLEER M\u00c1S <\/a>\n\t\t<\/div>\n\t\t\t\t\t<\/div>\n\t\t\t\t\t\t<\/div>\n\t\t<\/div>\n\t\t\t\t<div class=\" sp-pcp-col-xs-1 sp-pcp-col-sm-2 sp-pcp-col-md-3 sp-pcp-col-lg-4 sp-pcp-col-xl-4\">\n\t\t\t<div class=\"sp-pcp-post pcp-item-17750\" data-id=\"17750\">\n\t\t\t\t\t\t\t\t<div class=\"pcp-post-thumb-wrapper\">\n\t\t\t\t\t<div class=\"sp-pcp-post-thumb-area\">\n\t\t\t\t\t\t\t\t\t\t\t\t<a class=\"sp-pcp-thumb\" href=\"https:\/\/amc.gov.co\/amc\/la-amc-y-la-secretaria-de-movilidad-fortalecen-acciones-para-garantizar-un-transporte-legal-y-seguro-en-cucuta\/\" target=\"_self\" >\n\t\t\t\t\t\t\t\t\t\t\t\t\t<img src=\"https:\/\/amc.gov.co\/amc\/wp-content\/uploads\/2026\/05\/Movilidad-Legal-Y-Segura-Para-Cuucuta.png\" width=\"1536\" height=\"1024\" alt=\"Movilidad Legal Y Segura Para C\u00faucuta\">\n\t\t\t\t\t\t<\/a>\n\t\t\t\t\t<\/div>\n\t\t\t\t<\/div>\n\t\t\t\t\t\t\t<h2 class=\"sp-pcp-title\">\n\t\t\t\t\t\t\t\t\t<a href=\"https:\/\/amc.gov.co\/amc\/la-amc-y-la-secretaria-de-movilidad-fortalecen-acciones-para-garantizar-un-transporte-legal-y-seguro-en-cucuta\/\"  target=\"_self\">La AMC y la Secretar\u00eda de Movilidad fortalecen acciones para garantizar un transporte legal y seguro en C\u00facuta<\/a>\t\t\t\t\t\t\t<\/h2>\n\t\t\t\t\t\t<div class=\"sp-pcp-post-meta\">\n\t\t\t<ul><li>\t\t\t\t\t<i class=\"fa fa-calendar\"><\/i>\n\n<time class=\"entry-date published updated\">27 mayo, 2026<\/time>\n\t\t\t\t\t<\/li><\/ul>\t\t<\/div>\n\t\t\t\t\t<div class=\"sp-pcp-post-content\">\n\t\t\t\t\t<div class=\"sp-pcp-readmore\">\n\t\t\t\t\t\t\t<a class=\"pcp-readmore-link\" target=\"_self\" href=\"https:\/\/amc.gov.co\/amc\/la-amc-y-la-secretaria-de-movilidad-fortalecen-acciones-para-garantizar-un-transporte-legal-y-seguro-en-cucuta\/\" >\n\t\t\t\t\t\tLEER M\u00c1S <\/a>\n\t\t<\/div>\n\t\t\t\t\t<\/div>\n\t\t\t\t\t\t<\/div>\n\t\t<\/div>\n\t\t\t\t<div class=\" sp-pcp-col-xs-1 sp-pcp-col-sm-2 sp-pcp-col-md-3 sp-pcp-col-lg-4 sp-pcp-col-xl-4\">\n\t\t\t<div class=\"sp-pcp-post pcp-item-17519\" data-id=\"17519\">\n\t\t\t\t\t\t\t\t<div class=\"pcp-post-thumb-wrapper\">\n\t\t\t\t\t<div class=\"sp-pcp-post-thumb-area\">\n\t\t\t\t\t\t\t\t\t\t\t\t<a class=\"sp-pcp-thumb\" href=\"https:\/\/amc.gov.co\/amc\/area-metropolitana-de-cucuta-refuerza-controles-para-combatir-el-transporte-informal\/\" target=\"_self\" >\n\t\t\t\t\t\t\t\t\t\t\t\t\t<img src=\"https:\/\/amc.gov.co\/amc\/wp-content\/uploads\/2026\/04\/AMC_portada_optimizada.jpg\" width=\"1920\" height=\"1080\" alt=\"\">\n\t\t\t\t\t\t<\/a>\n\t\t\t\t\t<\/div>\n\t\t\t\t<\/div>\n\t\t\t\t\t\t\t<h2 class=\"sp-pcp-title\">\n\t\t\t\t\t\t\t\t\t<a href=\"https:\/\/amc.gov.co\/amc\/area-metropolitana-de-cucuta-refuerza-controles-para-combatir-el-transporte-informal\/\"  target=\"_self\">\u00c1rea Metropolitana de C\u00facuta refuerza controles para combatir el transporte informal<\/a>\t\t\t\t\t\t\t<\/h2>\n\t\t\t\t\t\t<div class=\"sp-pcp-post-meta\">\n\t\t\t<ul><li>\t\t\t\t\t<i class=\"fa fa-calendar\"><\/i>\n\n<time class=\"entry-date published updated\">29 abril, 2026<\/time>\n\t\t\t\t\t<\/li><\/ul>\t\t<\/div>\n\t\t\t\t\t<div class=\"sp-pcp-post-content\">\n\t\t\t\t\t<div class=\"sp-pcp-readmore\">\n\t\t\t\t\t\t\t<a class=\"pcp-readmore-link\" target=\"_self\" href=\"https:\/\/amc.gov.co\/amc\/area-metropolitana-de-cucuta-refuerza-controles-para-combatir-el-transporte-informal\/\" >\n\t\t\t\t\t\tLEER M\u00c1S <\/a>\n\t\t<\/div>\n\t\t\t\t\t<\/div>\n\t\t\t\t\t\t<\/div>\n\t\t<\/div>\n\t\t\t\t<div class=\" sp-pcp-col-xs-1 sp-pcp-col-sm-2 sp-pcp-col-md-3 sp-pcp-col-lg-4 sp-pcp-col-xl-4\">\n\t\t\t<div class=\"sp-pcp-post pcp-item-17460\" data-id=\"17460\">\n\t\t\t\t\t\t\t\t<div class=\"pcp-post-thumb-wrapper\">\n\t\t\t\t\t<div class=\"sp-pcp-post-thumb-area\">\n\t\t\t\t\t\t\t\t\t\t\t\t<a class=\"sp-pcp-thumb\" href=\"https:\/\/amc.gov.co\/amc\/vas-a-trabajar-hoy-que-tus-documentos-tambien-esten-listos\/\" target=\"_self\" >\n\t\t\t\t\t\t\t\t\t\t\t\t\t<img src=\"https:\/\/amc.gov.co\/amc\/wp-content\/uploads\/2026\/04\/Captura-de-pantalla-2026-04-17-113607.png\" width=\"419\" height=\"529\" alt=\"\">\n\t\t\t\t\t\t<\/a>\n\t\t\t\t\t<\/div>\n\t\t\t\t<\/div>\n\t\t\t\t\t\t\t<h2 class=\"sp-pcp-title\">\n\t\t\t\t\t\t\t\t\t<a href=\"https:\/\/amc.gov.co\/amc\/vas-a-trabajar-hoy-que-tus-documentos-tambien-esten-listos\/\"  target=\"_self\">\u00bfVas a trabajar hoy? Que tus documentos tambi\u00e9n est\u00e9n listos!<\/a>\t\t\t\t\t\t\t<\/h2>\n\t\t\t\t\t\t<div class=\"sp-pcp-post-meta\">\n\t\t\t<ul><li>\t\t\t\t\t<i class=\"fa fa-calendar\"><\/i>\n\n<time class=\"entry-date published updated\">17 abril, 2026<\/time>\n\t\t\t\t\t<\/li><\/ul>\t\t<\/div>\n\t\t\t\t\t<div class=\"sp-pcp-post-content\">\n\t\t\t\t\t<div class=\"sp-pcp-readmore\">\n\t\t\t\t\t\t\t<a class=\"pcp-readmore-link\" target=\"_self\" href=\"https:\/\/amc.gov.co\/amc\/vas-a-trabajar-hoy-que-tus-documentos-tambien-esten-listos\/\" >\n\t\t\t\t\t\tLEER M\u00c1S <\/a>\n\t\t<\/div>\n\t\t\t\t\t<\/div>\n\t\t\t\t\t\t<\/div>\n\t\t<\/div>\n\t\t\t<\/div>\n\t\t<span class=\"sp-pcp-pagination-data\" style=\"display:none;\"><\/span>\n\n\t\t<nav class=\"pcp-post-pagination pcp-on-desktop\">\n\t\t\t<span aria-current=\"page\" class=\"page-numbers current\">1<\/span><a class=\"page-numbers\" href=\"https:\/\/amc.gov.co\/amc\/wp-json\/wp\/v2\/pages\/9327\/?paged12420=2\">2<\/a><a class=\"page-numbers\" href=\"https:\/\/amc.gov.co\/amc\/wp-json\/wp\/v2\/pages\/9327\/?paged12420=3\">3<\/a><a class=\"page-numbers\" href=\"https:\/\/amc.gov.co\/amc\/wp-json\/wp\/v2\/pages\/9327\/?paged12420=4\">4<\/a><a class=\"page-numbers\" href=\"https:\/\/amc.gov.co\/amc\/wp-json\/wp\/v2\/pages\/9327\/?paged12420=5\">5<\/a><a class=\"page-numbers\" href=\"https:\/\/amc.gov.co\/amc\/wp-json\/wp\/v2\/pages\/9327\/?paged12420=6\">6<\/a><a class=\"page-numbers\" href=\"https:\/\/amc.gov.co\/amc\/wp-json\/wp\/v2\/pages\/9327\/?paged12420=7\">7<\/a><a class=\"next page-numbers\" href=\"https:\/\/amc.gov.co\/amc\/wp-json\/wp\/v2\/pages\/9327\/?paged12420=2\"><i class=\"fa fa-angle-right\"><\/i><\/a>\t\t<\/nav>\n\t\t\t\t\t<nav class=\"pcp-post-pagination pcp-on-mobile\">\n\t\t\t<span aria-current=\"page\" class=\"page-numbers current\">1<\/span><a class=\"page-numbers\" href=\"https:\/\/amc.gov.co\/amc\/wp-json\/wp\/v2\/pages\/9327\/?paged12420=2\">2<\/a><a class=\"page-numbers\" href=\"https:\/\/amc.gov.co\/amc\/wp-json\/wp\/v2\/pages\/9327\/?paged12420=3\">3<\/a><a class=\"page-numbers\" href=\"https:\/\/amc.gov.co\/amc\/wp-json\/wp\/v2\/pages\/9327\/?paged12420=4\">4<\/a><a class=\"page-numbers\" href=\"https:\/\/amc.gov.co\/amc\/wp-json\/wp\/v2\/pages\/9327\/?paged12420=5\">5<\/a><a class=\"page-numbers\" href=\"https:\/\/amc.gov.co\/amc\/wp-json\/wp\/v2\/pages\/9327\/?paged12420=6\">6<\/a><a class=\"page-numbers\" href=\"https:\/\/amc.gov.co\/amc\/wp-json\/wp\/v2\/pages\/9327\/?paged12420=7\">7<\/a><a class=\"next page-numbers\" href=\"https:\/\/amc.gov.co\/amc\/wp-json\/wp\/v2\/pages\/9327\/?paged12420=2\"><i class=\"fa fa-angle-right\"><\/i><\/a>\t\t<\/nav>\n\t\t\t\t<\/div>\n<\/div><\/div><\/div><\/div><\/div><div class=\"vce-col vce-col--md-8p vce-col--xs-1 vce-col--xs-last vce-col--xs-first vce-col--sm-last vce-col--sm-first vce-col--md-last vce-col--lg-last vce-col--xl-last\" id=\"el-335b69b7\"><div class=\"vce-col-inner\" data-vce-do-apply=\"border margin background  el-335b69b7\"><div class=\"vce-col-content\" data-vce-element-content=\"true\" data-vce-do-apply=\"padding el-335b69b7\"><div class=\"vcv-row-control-wrapper\"><\/div><\/div><\/div><\/div><\/div><\/div><\/div><div class=\"vce-row-container\" data-vce-boxed-width=\"true\"><div class=\"vce-row vce-row--col-gap-30 vce-row-equal-height vce-row-content--top\" id=\"el-192aa0e5\" data-vce-do-apply=\"all el-192aa0e5\"><div class=\"vce-row-content\" data-vce-element-content=\"true\"><div class=\"vce-col vce-col--md-auto vce-col--xs-1 vce-col--xs-last vce-col--xs-first vce-col--sm-last vce-col--sm-first vce-col--md-last vce-col--lg-last vce-col--xl-last vce-col--md-first vce-col--lg-first vce-col--xl-first\" id=\"el-a200b7d4\"><div class=\"vce-col-inner\" data-vce-do-apply=\"border margin background  el-a200b7d4\"><div class=\"vce-col-content\" data-vce-element-content=\"true\" data-vce-do-apply=\"padding el-a200b7d4\"><div class=\"vcv-row-control-wrapper\"><\/div><\/div><\/div><\/div><\/div><\/div><\/div><div class=\"vce-row-container\"><div class=\"vce-row vce-element--has-background vce-row--col-gap-30 vce-row-content--top\" data-vce-full-width=\"true\" data-vce-stretch-content=\"true\" id=\"el-d2183a3c\" data-vce-do-apply=\"all el-d2183a3c\"><div class=\"vce-content-background-container\"><div class=\"vce-asset-background-simple-container vce-visible-all-only vce-asset-background-simple--style-cover vce-asset-background-simple--position-center-top\"><div class=\"vce-asset-background-simple\"><div class=\"vce-asset-background-simple-item\" style=\"background-image: url('http:\/\/proyecto-364.com\/wp-content\/uploads\/2021\/08\/fondo-contadores.png');\"><\/div><\/div><\/div><\/div><div class=\"vce-row-content\" data-vce-element-content=\"true\"><div class=\"vce-col vce-col--md-auto vce-col--xs-1 vce-col--xs-last vce-col--xs-first vce-col--sm-last vce-col--sm-first vce-col--md-first vce-col--lg-first vce-col--xl-first\" id=\"el-0d30cd07\"><div class=\"vce-col-inner\" data-vce-do-apply=\"border margin background  el-0d30cd07\"><div class=\"vce-col-content\" data-vce-element-content=\"true\" data-vce-do-apply=\"padding el-0d30cd07\"><div class=\"vce-text-block\"><div class=\"vce-text-block-wrapper vce\" id=\"el-38acb565\" data-vce-do-apply=\"all el-38acb565\"><ul class=\"section-imprimir\"><br> \t<li class=\"share-print\" role=\"presentation\"><a title=\"Imprimir\" href=\"javascript:window.print(); void 0;\"><span class=\"fa fa-print fa-2x\" aria-hidden=\"true\"><\/span><span class=\"hidden\">Imprimir<\/span><\/a><\/li><br><\/ul><\/div><\/div><\/div><\/div><\/div><div class=\"vce-col vce-col--md-auto vce-col--xs-1 vce-col--xs-last vce-col--xs-first vce-col--sm-last vce-col--sm-first vce-col--md-last vce-col--lg-last vce-col--xl-last\" id=\"el-b9a185d3\"><div class=\"vce-col-inner\" data-vce-do-apply=\"border margin background  el-b9a185d3\"><div class=\"vce-col-content\" data-vce-element-content=\"true\" data-vce-do-apply=\"padding el-b9a185d3\"><div class=\"vce-text-block\"><div class=\"vce-text-block-wrapper vce\" id=\"el-e9ddf414\" data-vce-do-apply=\"all el-e9ddf414\"><div class=\"section-count\">N\u00famero de visitas a esta p\u00e1gina 0<br>Fecha de publicaci\u00f3n 17 abril, 2026<br>\u00daltima modificaci\u00f3n 17 abril, 2026<\/div><\/div><\/div><\/div><\/div><\/div><\/div><\/div><\/div><div class=\"vce-row-container\" data-vce-boxed-width=\"true\"><div class=\"vce-row vce-row--col-gap-30 vce-row-equal-height vce-row-content--top\" id=\"el-97251bce\" data-vce-do-apply=\"all el-97251bce\"><div class=\"vce-row-content\" data-vce-element-content=\"true\"><div class=\"vce-col vce-col--md-auto vce-col--xs-1 vce-col--xs-last vce-col--xs-first vce-col--sm-last vce-col--sm-first vce-col--md-last vce-col--lg-last vce-col--xl-last vce-col--md-first vce-col--lg-first vce-col--xl-first\" id=\"el-c2c1b982\"><div class=\"vce-col-inner\" data-vce-do-apply=\"border margin background  el-c2c1b982\"><div class=\"vce-col-content\" data-vce-element-content=\"true\" data-vce-do-apply=\"padding el-c2c1b982\"><div class=\"vcv-row-control-wrapper\"><\/div><\/div><\/div><\/div><\/div><\/div><\/div>","protected":false},"excerpt":{"rendered":"<p>Inicio Prensa NoticiasNOTICIAS ImprimirN\u00famero de visitas a esta p\u00e1gina Fecha de publicaci\u00f3n \u00daltima modificaci\u00f3n<\/p>\n","protected":false},"author":1,"featured_media":0,"parent":0,"menu_order":0,"comment_status":"closed","ping_status":"closed","template":"","meta":{"footnotes":"","_joinchat":[]},"_links":{"self":[{"href":"https:\/\/amc.gov.co\/amc\/wp-json\/wp\/v2\/pages\/9327"}],"collection":[{"href":"https:\/\/amc.gov.co\/amc\/wp-json\/wp\/v2\/pages"}],"about":[{"href":"https:\/\/amc.gov.co\/amc\/wp-json\/wp\/v2\/types\/page"}],"author":[{"embeddable":true,"href":"https:\/\/amc.gov.co\/amc\/wp-json\/wp\/v2\/users\/1"}],"replies":[{"embeddable":true,"href":"https:\/\/amc.gov.co\/amc\/wp-json\/wp\/v2\/comments?post=9327"}],"version-history":[{"count":7,"href":"https:\/\/amc.gov.co\/amc\/wp-json\/wp\/v2\/pages\/9327\/revisions"}],"predecessor-version":[{"id":18136,"href":"https:\/\/amc.gov.co\/amc\/wp-json\/wp\/v2\/pages\/9327\/revisions\/18136"}],"wp:attachment":[{"href":"https:\/\/amc.gov.co\/amc\/wp-json\/wp\/v2\/media?parent=9327"}],"curies":[{"name":"wp","href":"https:\/\/api.w.org\/{rel}","templated":true}]}}