{"id":69,"date":"2021-12-27T16:24:59","date_gmt":"2021-12-27T21:24:59","guid":{"rendered":"https:\/\/amc.royaltech.dev\/?page_id=7914"},"modified":"2022-04-06T19:28:56","modified_gmt":"2022-04-07T00:28:56","slug":"quienes-somos-2","status":"publish","type":"page","link":"https:\/\/amc.gov.co\/amc\/quienes-somos-2\/","title":{"rendered":"Quienes Somos"},"content":{"rendered":"<div class=\"vce-row-container\"><div class=\"vce-row vce-row--col-gap-30 vce-row-equal-height vce-row-content--top\" data-vce-full-width=\"true\" data-vce-stretch-content=\"true\" id=\"el-bdb79920\" data-vce-do-apply=\"all el-bdb79920\"><div class=\"vce-row-content\" data-vce-element-content=\"true\"><div class=\"vce-col vce-col--md-auto vce-col--xs-1 vce-col--xs-last vce-col--xs-first vce-col--sm-last vce-col--sm-first vce-col--md-last vce-col--lg-last vce-col--xl-last vce-col--md-first vce-col--lg-first vce-col--xl-first\" id=\"el-9fec2ac4\"><div class=\"vce-col-inner\" data-vce-do-apply=\"border margin background  el-9fec2ac4\"><div class=\"vce-col-content\" data-vce-element-content=\"true\" data-vce-do-apply=\"padding el-9fec2ac4\"><div class=\"vce-text-block\"><div class=\"vce-text-block-wrapper vce\" id=\"el-2ec313fe\" data-vce-do-apply=\"all el-2ec313fe\"><nav aria-label=\"breadcrumb\"><br><ol class=\"breadcrumb gov-co-breadcrumb\"><br> \t<li class=\"breadcrumb-item\"><a href=\"\/\"><i class=\"fas fa-home\"><\/i> Inicio <\/a><\/li><br> \t<li class=\"breadcrumb-item active\" aria-current=\"page\"><a href=\"\/quienes-somos-2\/\">Quienes Somos<\/a><\/li><br><\/ol><br><\/nav><\/div><\/div><\/div><\/div><\/div><\/div><\/div><\/div><div class=\"vce-row-container\"><div class=\"vce-row vce-row--col-gap-30 vce-row-equal-height vce-row-content--top\" data-vce-full-width=\"true\" data-vce-stretch-content=\"true\" id=\"el-81ad0f75\" data-vce-do-apply=\"all el-81ad0f75\"><div class=\"vce-row-content\" data-vce-element-content=\"true\"><div class=\"vce-col vce-col--md-auto vce-col--xs-1 vce-col--xs-last vce-col--xs-first vce-col--sm-last vce-col--sm-first vce-col--md-last vce-col--lg-last vce-col--xl-last vce-col--md-first vce-col--lg-first vce-col--xl-first\" id=\"el-9aab8093\"><div class=\"vce-col-inner\" data-vce-do-apply=\"border margin background  el-9aab8093\"><div class=\"vce-col-content\" data-vce-element-content=\"true\" data-vce-do-apply=\"padding el-9aab8093\"><div class=\"vce-text-block\"><div class=\"vce-text-block-wrapper vce\" id=\"el-37d54a19\" data-vce-do-apply=\"all el-37d54a19\"><h1>Quienes Somos<\/h1><\/div><\/div><\/div><\/div><\/div><\/div><\/div><\/div><div class=\"vce-row-container\"><div class=\"vce-row vce-row--col-gap-30 vce-row-equal-height vce-row-content--top\" data-vce-full-width=\"true\" data-vce-stretch-content=\"true\" id=\"el-9c488313\" data-vce-do-apply=\"all el-9c488313\"><div class=\"vce-row-content\" data-vce-element-content=\"true\"><div class=\"vce-col vce-col--md-auto vce-col--xs-1 vce-col--xs-last vce-col--xs-first vce-col--sm-last vce-col--sm-first vce-col--md-last vce-col--lg-last vce-col--xl-last vce-col--md-first vce-col--lg-first vce-col--xl-first\" id=\"el-4bb9ff8c\"><div class=\"vce-col-inner\" data-vce-do-apply=\"border margin background  el-4bb9ff8c\"><div class=\"vce-col-content\" data-vce-element-content=\"true\" data-vce-do-apply=\"padding el-4bb9ff8c\"><div class=\"vce-text-block\"><div class=\"vce-text-block-wrapper vce\" id=\"el-8f678f97\" data-vce-do-apply=\"all el-8f678f97\"><p>El \u00c1rea Metropolitana de C\u00facuta se ha constituido como una entidad para el fortalecimiento de la organizaci\u00f3n, el crecimiento y el desarrollo arm\u00f3nico e integrado de los municipios de C\u00facuta, capital departamental y n\u00facleo del \u00c1rea, Villa del Rosario, Los Patios, El Zulia, San Cayetano y Puerto Santander. Desde su creaci\u00f3n, mediante ordenanza n\u00famero 40 del 3 de enero de 1991 puesta formalmente en funcionamiento por el decreto 0508, e iniciando labores en enero de 1992, ha buscado la promoci\u00f3n, planificaci\u00f3n y coordinaci\u00f3n intermunicipal, as\u00ed como la gesti\u00f3n y soluci\u00f3n de necesidades urban\u00edsticas, ampliando las estructuras mediante la suma de esfuerzos y la administraci\u00f3n coordinada de recursos para el territorio.<\/p><p><strong>Trascendencia del \u00c1rea Metropolitana de C\u00facuta.<\/strong><\/p><p>La consolidaci\u00f3n de los centros urbanos locales a nivel nacional siempre ser\u00e1 un gran reto administrativo, ratificando la importancia y el rol de las \u00e1reas metropolitanas en el desarrollo econ\u00f3mico y social. Por esto, el \u00c1rea Metropolitana de C\u00facuta, cuenta desde su creaci\u00f3n con instrumentos para fomentar el crecimiento y la organizaci\u00f3n arm\u00f3nica e integrada del territorio situado bajo su autoridad: los municipios de San Jos\u00e9 de C\u00facuta, Villa del Rosario, Los Patios, El Zulia, San Cayetano y Puerto Santander.<br>El \u00c1rea Metropolitana de C\u00facuta, en aras de aprovechar las potencialidades individuales y colectivas, promueve e impulsa el desarrollo de los municipios que la conforman, estableciendo pol\u00edticas sociales de ayuda a la comunidad, liderando la sinergia entre los municipios integrantes con el prop\u00f3sito de engrandecerla como un s\u00f3lido engranaje entre cultura ciudadana, emprendimiento y movilidad. As\u00ed mismo, propende por la constituci\u00f3n funcional de una regi\u00f3n binacional que convierta a estos territorios en escenarios relevantes de participaci\u00f3n social, ciudadana, ambiental y empresarial, de alto impacto geopol\u00edtico.<br>Por estas razones resulta primordial fortalecer la proyecci\u00f3n del \u00c1rea Metropolitana de C\u00facuta en relaci\u00f3n a sus principios de gesti\u00f3n, calidad, participaci\u00f3n, sostenibilidad ambiental, transparencia, solidaridad y transformaci\u00f3n territorial.<\/p><p>Documentos de Conformaci\u00f3n:<\/p><\/div><\/div><div class=\"vce-shortcode\"><div class=\"vce-shortcode-wrapper vce\" id=\"el-ab401031\" data-vce-do-apply=\"all el-ab401031\"><div class='w3eden'><!-- WPDM Link Template: Widget Template -->\n\n<div class=\"media link-template-widget\">\n    <a title=\"Ordenanza No. 40 de 1991\" target=\"_blank\" class=\"mr-3 img-48\" href=\"https:\/\/amc.gov.co\/amc\/download\/ordenanza-no-40-de-1991\/\">\n        <img class=\"wpdm_icon\" alt=\"Icono\"   src=\"https:\/\/amc.gov.co\/amc\/wp-content\/plugins\/download-manager\/assets\/file-type-icons\/pdf.svg\" \/>\n    <\/a>\n    <div class=\"media-body\" style=\"text-align:left!important;\">\n        <a title=\"Ordenanza No. 40 de 1991\" target=\"_blank\" href=\"https:\/\/amc.gov.co\/amc\/download\/ordenanza-no-40-de-1991\/\" style=\"display: block;clear: bottom;font-size: 11pt;font-weight: bold;\">Ordenanza No. 40 de 1991<\/a>\n\t\t\n        <div style=\"font-size: 9pt;Color:#00906B!important;\">\n            <i class=\"fas\"><\/i> 305 KB <i class=\"fa ml-3\"><\/i>\n            28 febrero, 2021\n\t\t<\/div>\n\t\t<div style=\"font-size: 8pt;\"><strong>Descripcion: <\/strong><p><em>Por la cual se autoriza al Gobernador del Departamento para disponer el funcionamiento del \u00c1rea Metropolitana de C\u00facuta.<\/em><\/p>\n<\/div>\n\t\t\n\t\t\t\t\t\n    <\/div>\n\t<div title=\"Ordenanza No. 40 de 1991\">\n       <a class='wpdm-download-link download-on-click btn btn-primary ' rel='nofollow' href='#' data-downloadurl=\"https:\/\/amc.gov.co\/amc\/download\/ordenanza-no-40-de-1991\/?wpdmdl=10422&refresh=69ee4757f2f5d1777223511\">Descargar<\/a>\n    <\/div>\n    \n\n<\/div>\n\n\n<\/div> <div class='w3eden'><!-- WPDM Link Template: Widget Template -->\n\n<div class=\"media link-template-widget\">\n    <a title=\"Decreto No. 000508 de 1991\" target=\"_blank\" class=\"mr-3 img-48\" href=\"https:\/\/amc.gov.co\/amc\/download\/decreto-no-000508-de-1991\/\">\n        <img class=\"wpdm_icon\" alt=\"Icono\"   src=\"https:\/\/amc.gov.co\/amc\/wp-content\/plugins\/download-manager\/assets\/file-type-icons\/pdf.svg\" \/>\n    <\/a>\n    <div class=\"media-body\" style=\"text-align:left!important;\">\n        <a title=\"Decreto No. 000508 de 1991\" target=\"_blank\" href=\"https:\/\/amc.gov.co\/amc\/download\/decreto-no-000508-de-1991\/\" style=\"display: block;clear: bottom;font-size: 11pt;font-weight: bold;\">Decreto No. 000508 de 1991<\/a>\n\t\t\n        <div style=\"font-size: 9pt;Color:#00906B!important;\">\n            <i class=\"fas\"><\/i> 1.36 MB <i class=\"fa ml-3\"><\/i>\n            28 febrero, 2022\n\t\t<\/div>\n\t\t<div style=\"font-size: 8pt;\"><strong>Descripcion: <\/strong><p><em>Por el cual se dispone el Funcionamiento del \u00c1rea Metropolitana de C\u00facuta<\/em><\/p>\n<\/div>\n\t\t\n\t\t\t\t\t\n    <\/div>\n\t<div title=\"Decreto No. 000508 de 1991\">\n       <a class='wpdm-download-link download-on-click btn btn-primary ' rel='nofollow' href='#' data-downloadurl=\"https:\/\/amc.gov.co\/amc\/download\/decreto-no-000508-de-1991\/?wpdmdl=10427&refresh=69ee47580d4d61777223512\">Descargar<\/a>\n    <\/div>\n    \n\n<\/div>\n\n\n<\/div> <div class='w3eden'><!-- WPDM Link Template: Widget Template -->\n\n<div class=\"media link-template-widget\">\n    <a title=\"Acuerdo Metropolitano 003-2013 Adoptan los estatutos del \u00c1rea Metropolitana de C\u00facuta\" target=\"_blank\" class=\"mr-3 img-48\" href=\"https:\/\/amc.gov.co\/amc\/download\/acuerdo-metropolitano-003-2013-adoptan-los-estatutos-del-area-metropolitana-de-cucuta\/\">\n        <img class=\"wpdm_icon\" alt=\"Icono\"   src=\"https:\/\/amc.gov.co\/amc\/wp-content\/plugins\/download-manager\/assets\/file-type-icons\/pdf.svg\" \/>\n    <\/a>\n    <div class=\"media-body\" style=\"text-align:left!important;\">\n        <a title=\"Acuerdo Metropolitano 003-2013 Adoptan los estatutos del \u00c1rea Metropolitana de C\u00facuta\" target=\"_blank\" href=\"https:\/\/amc.gov.co\/amc\/download\/acuerdo-metropolitano-003-2013-adoptan-los-estatutos-del-area-metropolitana-de-cucuta\/\" style=\"display: block;clear: bottom;font-size: 11pt;font-weight: bold;\">Acuerdo Metropolitano 003-2013 Adoptan los estatutos del \u00c1rea Metropolitana de C\u00facuta<\/a>\n\t\t\n        <div style=\"font-size: 9pt;Color:#00906B!important;\">\n            <i class=\"fas\"><\/i> 13.08 MB <i class=\"fa ml-3\"><\/i>\n            28 febrero, 2022\n\t\t<\/div>\n\t\t<div style=\"font-size: 8pt;\"><strong>Descripcion: <\/strong><p><em>Por el cual se adoptan los estatutos del \u00c1rea Metropolitana de C\u00facuta.<\/em><\/p>\n<\/div>\n\t\t\n\t\t\t\t\t\n    <\/div>\n\t<div title=\"Acuerdo Metropolitano 003-2013 Adoptan los estatutos del \u00c1rea Metropolitana de C\u00facuta\">\n       <a class='wpdm-download-link download-on-click btn btn-primary ' rel='nofollow' href='#' data-downloadurl=\"https:\/\/amc.gov.co\/amc\/download\/acuerdo-metropolitano-003-2013-adoptan-los-estatutos-del-area-metropolitana-de-cucuta\/?wpdmdl=10447&refresh=69ee4758119501777223512\">Descargar<\/a>\n    <\/div>\n    \n\n<\/div>\n\n\n<\/div> <\/div><\/div><\/div><\/div><\/div><\/div><\/div><\/div><div class=\"vce-row-container\"><div class=\"vce-row vce-element--has-background vce-row--col-gap-30 vce-row-content--top\" data-vce-full-width=\"true\" data-vce-stretch-content=\"true\" id=\"el-9442827b\" data-vce-do-apply=\"all el-9442827b\"><div class=\"vce-content-background-container\"><div class=\"vce-asset-background-simple-container vce-visible-all-only vce-asset-background-simple--style-cover vce-asset-background-simple--position-center-top\"><div class=\"vce-asset-background-simple\">\n              <div class=\"vce-asset-background-simple-item vcv-lozad\" data-background-image=\"http:\/\/proyecto-364.com\/wp-content\/uploads\/2021\/08\/fondo-contadores.png\"><\/div>\n              <noscript>\n                <div class=\"vce-asset-background-simple-item\" style=\"background-image: url(http:\/\/proyecto-364.com\/wp-content\/uploads\/2021\/08\/fondo-contadores.png)\"><\/div>\n              <\/noscript>\n            <\/div><\/div><\/div><div class=\"vce-row-content\" data-vce-element-content=\"true\"><div class=\"vce-col vce-col--md-auto vce-col--xs-1 vce-col--xs-last vce-col--xs-first vce-col--sm-last vce-col--sm-first vce-col--md-first vce-col--lg-first vce-col--xl-first\" id=\"el-1b83e8db\"><div class=\"vce-col-inner\" data-vce-do-apply=\"border margin background  el-1b83e8db\"><div class=\"vce-col-content\" data-vce-element-content=\"true\" data-vce-do-apply=\"padding el-1b83e8db\"><div class=\"vce-text-block\"><div class=\"vce-text-block-wrapper vce\" id=\"el-3494d73e\" data-vce-do-apply=\"all el-3494d73e\"><ul class=\"section-imprimir\"><br> \t<li class=\"share-print\" role=\"presentation\"><a title=\"Imprimir\" href=\"javascript:window.print(); void 0;\"><span class=\"fa fa-print fa-2x\" aria-hidden=\"true\"><\/span><span class=\"hidden\">Imprimir<\/span><\/a><\/li><br><\/ul><\/div><\/div><\/div><\/div><\/div><div class=\"vce-col vce-col--md-auto vce-col--xs-1 vce-col--xs-last vce-col--xs-first vce-col--sm-last vce-col--sm-first vce-col--md-last vce-col--lg-last vce-col--xl-last\" id=\"el-95144021\"><div class=\"vce-col-inner\" data-vce-do-apply=\"border margin background  el-95144021\"><div class=\"vce-col-content\" data-vce-element-content=\"true\" data-vce-do-apply=\"padding el-95144021\"><div class=\"vce-text-block\"><div class=\"vce-text-block-wrapper vce\" id=\"el-ea66ce96\" data-vce-do-apply=\"all el-ea66ce96\"><div class=\"section-count\">N\u00famero de visitas a esta p\u00e1gina 0<br>Fecha de publicaci\u00f3n 27 diciembre, 2021<br>\u00daltima modificaci\u00f3n 6 abril, 2022<\/div><\/div><\/div><\/div><\/div><\/div><\/div><\/div><\/div>","protected":false},"excerpt":{"rendered":"","protected":false},"author":1,"featured_media":0,"parent":0,"menu_order":0,"comment_status":"closed","ping_status":"closed","template":"","meta":{"footnotes":"","_mc_calendar":[],"_joinchat":[]},"_links":{"self":[{"href":"https:\/\/amc.gov.co\/amc\/wp-json\/wp\/v2\/pages\/69"}],"collection":[{"href":"https:\/\/amc.gov.co\/amc\/wp-json\/wp\/v2\/pages"}],"about":[{"href":"https:\/\/amc.gov.co\/amc\/wp-json\/wp\/v2\/types\/page"}],"author":[{"embeddable":true,"href":"https:\/\/amc.gov.co\/amc\/wp-json\/wp\/v2\/users\/1"}],"replies":[{"embeddable":true,"href":"https:\/\/amc.gov.co\/amc\/wp-json\/wp\/v2\/comments?post=69"}],"version-history":[{"count":5,"href":"https:\/\/amc.gov.co\/amc\/wp-json\/wp\/v2\/pages\/69\/revisions"}],"predecessor-version":[{"id":10449,"href":"https:\/\/amc.gov.co\/amc\/wp-json\/wp\/v2\/pages\/69\/revisions\/10449"}],"wp:attachment":[{"href":"https:\/\/amc.gov.co\/amc\/wp-json\/wp\/v2\/media?parent=69"}],"curies":[{"name":"wp","href":"https:\/\/api.w.org\/{rel}","templated":true}]}}